{"id":124,"date":"2026-05-07T08:45:14","date_gmt":"2026-05-07T08:45:14","guid":{"rendered":"https:\/\/ventitech.ch\/?page_id=124"},"modified":"2026-05-26T17:46:27","modified_gmt":"2026-05-26T17:46:27","slug":"services","status":"publish","type":"page","link":"https:\/\/ventitech.ch\/?page_id=124","title":{"rendered":"Services"},"content":{"rendered":"\t\t<div data-elementor-type=\"wp-page\" data-elementor-id=\"124\" class=\"elementor elementor-124\" data-elementor-post-type=\"page\">\n\t\t\t\t<div class=\"elementor-element elementor-element-68d1e228 e-flex e-con-boxed e-con e-parent\" data-id=\"68d1e228\" data-element_type=\"container\" data-e-type=\"container\" data-settings=\"{&quot;background_background&quot;:&quot;classic&quot;}\">\n\t\t\t\t\t<div class=\"e-con-inner\">\n\t\t<div class=\"elementor-element elementor-element-38fa4724 e-con-full e-flex e-con e-child\" data-id=\"38fa4724\" data-element_type=\"container\" data-e-type=\"container\">\n\t\t\t\t<div class=\"elementor-element elementor-element-5b5904ad elementor-icon-list--layout-inline elementor-list-item-link-full_width elementor-invisible elementor-widget elementor-widget-icon-list\" data-id=\"5b5904ad\" data-element_type=\"widget\" data-e-type=\"widget\" data-settings=\"{&quot;_animation&quot;:&quot;fadeInUp&quot;,&quot;_animation_delay&quot;:200}\" data-widget_type=\"icon-list.default\">\n\t\t\t\t\t\t\t<ul class=\"elementor-icon-list-items elementor-inline-items\">\n\t\t\t\t\t\t\t<li class=\"elementor-icon-list-item elementor-inline-item\">\n\t\t\t\t\t\t\t\t\t\t\t<span class=\"elementor-icon-list-icon\">\n\t\t\t\t\t\t\t<svg aria-hidden=\"true\" class=\"e-font-icon-svg e-fas-home\" viewBox=\"0 0 576 512\" xmlns=\"http:\/\/www.w3.org\/2000\/svg\"><path d=\"M280.37 148.26L96 300.11V464a16 16 0 0 0 16 16l112.06-.29a16 16 0 0 0 15.92-16V368a16 16 0 0 1 16-16h64a16 16 0 0 1 16 16v95.64a16 16 0 0 0 16 16.05L464 480a16 16 0 0 0 16-16V300L295.67 148.26a12.19 12.19 0 0 0-15.3 0zM571.6 251.47L488 182.56V44.05a12 12 0 0 0-12-12h-56a12 12 0 0 0-12 12v72.61L318.47 43a48 48 0 0 0-61 0L4.34 251.47a12 12 0 0 0-1.6 16.9l25.5 31A12 12 0 0 0 45.15 301l235.22-193.74a12.19 12.19 0 0 1 15.3 0L530.9 301a12 12 0 0 0 16.9-1.6l25.5-31a12 12 0 0 0-1.7-16.93z\"><\/path><\/svg>\t\t\t\t\t\t<\/span>\n\t\t\t\t\t\t\t\t\t\t<span class=\"elementor-icon-list-text\">Accueil<\/span>\n\t\t\t\t\t\t\t\t\t<\/li>\n\t\t\t\t\t\t\t\t<li class=\"elementor-icon-list-item elementor-inline-item\">\n\t\t\t\t\t\t\t\t\t\t<span class=\"elementor-icon-list-text\">Services<\/span>\n\t\t\t\t\t\t\t\t\t<\/li>\n\t\t\t\t\t\t<\/ul>\n\t\t\t\t\t\t<\/div>\n\t\t\t\t<div class=\"elementor-element elementor-element-6717ba6b elementor-invisible elementor-widget elementor-widget-heading\" data-id=\"6717ba6b\" data-element_type=\"widget\" data-e-type=\"widget\" data-settings=\"{&quot;_animation&quot;:&quot;fadeInUp&quot;,&quot;_animation_delay&quot;:400}\" data-widget_type=\"heading.default\">\n\t\t\t\t\t<h1 class=\"elementor-heading-title elementor-size-default\">Services<\/h1>\t\t\t\t<\/div>\n\t\t\t\t<\/div>\n\t\t\t\t\t<\/div>\n\t\t\t\t<\/div>\n\t\t<div class=\"elementor-element elementor-element-73d3ec5a e-flex e-con-boxed e-con e-parent\" data-id=\"73d3ec5a\" data-element_type=\"container\" data-e-type=\"container\" data-settings=\"{&quot;background_background&quot;:&quot;classic&quot;}\">\n\t\t\t\t\t<div class=\"e-con-inner\">\n\t\t<div class=\"elementor-element elementor-element-30da94d2 e-con-full e-flex e-con e-child\" data-id=\"30da94d2\" data-element_type=\"container\" data-e-type=\"container\">\n\t\t\t\t<div class=\"elementor-element elementor-element-79edd55 elementor-icon-list--layout-traditional elementor-list-item-link-full_width elementor-invisible elementor-widget elementor-widget-icon-list\" data-id=\"79edd55\" data-element_type=\"widget\" data-e-type=\"widget\" data-settings=\"{&quot;_animation&quot;:&quot;fadeInUp&quot;,&quot;_animation_delay&quot;:200}\" data-widget_type=\"icon-list.default\">\n\t\t\t\t\t\t\t<ul class=\"elementor-icon-list-items\">\n\t\t\t\t\t\t\t<li class=\"elementor-icon-list-item\">\n\t\t\t\t\t\t\t\t\t\t<span class=\"elementor-icon-list-text\">Services<\/span>\n\t\t\t\t\t\t\t\t\t<\/li>\n\t\t\t\t\t\t<\/ul>\n\t\t\t\t\t\t<\/div>\n\t\t\t\t<div class=\"elementor-element elementor-element-3e511be elementor-invisible elementor-widget elementor-widget-heading\" data-id=\"3e511be\" data-element_type=\"widget\" data-e-type=\"widget\" data-settings=\"{&quot;_animation&quot;:&quot;fadeInUp&quot;,&quot;_animation_delay&quot;:400}\" data-widget_type=\"heading.default\">\n\t\t\t\t\t<h2 class=\"elementor-heading-title elementor-size-default\">Un large \u00e9ventail de prestations techniques<\/h2>\t\t\t\t<\/div>\n\t\t\t\t<div class=\"elementor-element elementor-element-758107f2 elementor-widget__width-initial elementor-invisible elementor-widget elementor-widget-text-editor\" data-id=\"758107f2\" data-element_type=\"widget\" data-e-type=\"widget\" data-settings=\"{&quot;_animation&quot;:&quot;fadeInUp&quot;,&quot;_animation_delay&quot;:600}\" data-widget_type=\"text-editor.default\">\n\t\t\t\t\t\t\t\t\t<p>VentiTech intervient sur un large \u00e9ventail de prestations techniques en ventilation, incluant r\u00e9seaux a\u00e9rauliques, PPS, d\u00e9senfumage, gaines coupe-feu, monoblocs et coordination de chantier, avec une approche professionnelle orient\u00e9e qualit\u00e9, r\u00e9activit\u00e9 et respect des exigences techniques.<\/p>\t\t\t\t\t\t\t\t<\/div>\n\t\t\t\t<\/div>\n\t\t<div class=\"elementor-element elementor-element-bd372dc e-con-full e-grid elementor-invisible e-con e-child\" data-id=\"bd372dc\" data-element_type=\"container\" data-e-type=\"container\" data-settings=\"{&quot;animation&quot;:&quot;fadeInUp&quot;}\">\n\t\t<div class=\"elementor-element elementor-element-5d026422 e-con e-atomic-element e-flexbox-base e-5d026422-b75a2cc \" data-id=\"5d026422\" data-element_type=\"e-flexbox\" data-e-type=\"e-flexbox\" data-interaction-id=\"5d026422\" data-e-type=\"e-flexbox\" data-id=\"5d026422\">\n    \t\t<div class=\"elementor-element elementor-element-60a04f1e elementor-widget elementor-widget-elementskit-image-box\" data-id=\"60a04f1e\" data-element_type=\"widget\" data-e-type=\"widget\" data-widget_type=\"elementskit-image-box.default\">\n\t\t\t\t\t<div class=\"ekit-wid-con\" >\n            <div class=\"elementskit-info-image-box ekit-image-box text-center floating-style\" >\n\n                \n                <div class=\"elementskit-box-header image-box-img-center\">\n\n                    <img fetchpriority=\"high\" decoding=\"async\" width=\"523\" height=\"360\" src=\"https:\/\/ventitech.ch\/wp-content\/uploads\/2026\/05\/reseau-ventilation-technique-vaud.webp\" class=\"attachment-full size-full wp-image-238\" alt=\"\" srcset=\"https:\/\/ventitech.ch\/wp-content\/uploads\/2026\/05\/reseau-ventilation-technique-vaud.webp 523w, https:\/\/ventitech.ch\/wp-content\/uploads\/2026\/05\/reseau-ventilation-technique-vaud-300x207.webp 300w\" sizes=\"(max-width: 523px) 100vw, 523px\" \/>\n                <\/div>\n                \n                <div class=\"elementskit-box-body ekit-image-box-body\">\n                    <div class=\"elementskit-box-content ekit-image-box-body-inner\">\n                                                <h3 class=\"elementskit-info-box-title\">\n\n                        \n                            \n                        R\u00e9seaux a\u00e9rauliques\n                        \n                    <\/h3>\n                                                            <div class=\"elementskit-box-style-content\">\n                        R\u00e9alisation, modification, montage et d\u00e9montage de r\u00e9seaux de\nventilation techniques.                    <\/div>\n                                    <\/div>\n\n                                <div class=\"elementskit-box-footer\">\n                    <div class=\"box-footer\">\n                        <div class=\"btn-wraper\">\n                                                            <a href=\"https:\/\/ventitech.ch\/reseaux-aerauliques\/\" class=\"elementskit-btn whitespace--normal\">\n                                    \n                                    \n                                    En savoir plus                                <\/a>\n                                                        <\/div>\n                    <\/div>\n                <\/div>\n                            <\/div>\n            <\/div>\n    <\/div>\t\t\t\t<\/div>\n\t\t\n<\/div>\n<div class=\"elementor-element elementor-element-2c647659 e-con e-atomic-element e-flexbox-base e-2c647659-df79307 \" data-id=\"2c647659\" data-element_type=\"e-flexbox\" data-e-type=\"e-flexbox\" data-interaction-id=\"2c647659\" data-e-type=\"e-flexbox\" data-id=\"2c647659\">\n    \t\t<div class=\"elementor-element elementor-element-20f44284 elementor-widget elementor-widget-elementskit-image-box\" data-id=\"20f44284\" data-element_type=\"widget\" data-e-type=\"widget\" data-widget_type=\"elementskit-image-box.default\">\n\t\t\t\t\t<div class=\"ekit-wid-con\" >\n            <div class=\"elementskit-info-image-box ekit-image-box text-center floating-style\" >\n\n                \n                <div class=\"elementskit-box-header image-box-img-center\">\n\n                    <img decoding=\"async\" width=\"533\" height=\"360\" src=\"https:\/\/ventitech.ch\/wp-content\/uploads\/2026\/05\/reseau-pps-suisse-romande.webp\" class=\"attachment-full size-full wp-image-1484\" alt=\"\" srcset=\"https:\/\/ventitech.ch\/wp-content\/uploads\/2026\/05\/reseau-pps-suisse-romande.webp 533w, https:\/\/ventitech.ch\/wp-content\/uploads\/2026\/05\/reseau-pps-suisse-romande-300x203.webp 300w\" sizes=\"(max-width: 533px) 100vw, 533px\" \/>\n                <\/div>\n                \n                <div class=\"elementskit-box-body ekit-image-box-body\">\n                    <div class=\"elementskit-box-content ekit-image-box-body-inner\">\n                                                <h3 class=\"elementskit-info-box-title\">\n\n                        \n                            \n                        R\u00e9seaux PPS\n                        \n                    <\/h3>\n                                                            <div class=\"elementskit-box-style-content\">\n                        Montage et d\u00e9montage de r\u00e9seaux en PPS pour installations techniques\nsp\u00e9cifiques.                     <\/div>\n                                    <\/div>\n\n                                <div class=\"elementskit-box-footer\">\n                    <div class=\"box-footer\">\n                        <div class=\"btn-wraper\">\n                                                            <a href=\"https:\/\/ventitech.ch\/reseaux-pps\/\" class=\"elementskit-btn whitespace--normal\">\n                                    \n                                    \n                                    En savoir plus                                <\/a>\n                                                        <\/div>\n                    <\/div>\n                <\/div>\n                            <\/div>\n            <\/div>\n    <\/div>\t\t\t\t<\/div>\n\t\t\n<\/div>\n<div class=\"elementor-element elementor-element-7a11c8d4 e-con e-atomic-element e-flexbox-base e-7a11c8d4-830b304 \" data-id=\"7a11c8d4\" data-element_type=\"e-flexbox\" data-e-type=\"e-flexbox\" data-interaction-id=\"7a11c8d4\" data-e-type=\"e-flexbox\" data-id=\"7a11c8d4\">\n    \t\t<div class=\"elementor-element elementor-element-14fac304 elementor-widget elementor-widget-elementskit-image-box\" data-id=\"14fac304\" data-element_type=\"widget\" data-e-type=\"widget\" data-widget_type=\"elementskit-image-box.default\">\n\t\t\t\t\t<div class=\"ekit-wid-con\" >\n            <div class=\"elementskit-info-image-box ekit-image-box text-center floating-style\" >\n\n                \n                <div class=\"elementskit-box-header image-box-img-center\">\n\n                    <img decoding=\"async\" width=\"540\" height=\"360\" src=\"https:\/\/ventitech.ch\/wp-content\/uploads\/2026\/05\/systeme-desenfumage-batiment.webp\" class=\"attachment-full size-full wp-image-240\" alt=\"\" srcset=\"https:\/\/ventitech.ch\/wp-content\/uploads\/2026\/05\/systeme-desenfumage-batiment.webp 540w, https:\/\/ventitech.ch\/wp-content\/uploads\/2026\/05\/systeme-desenfumage-batiment-300x200.webp 300w\" sizes=\"(max-width: 540px) 100vw, 540px\" \/>\n                <\/div>\n                \n                <div class=\"elementskit-box-body ekit-image-box-body\">\n                    <div class=\"elementskit-box-content ekit-image-box-body-inner\">\n                                                <h3 class=\"elementskit-info-box-title\">\n\n                        \n                            \n                        D\u00e9senfumage\n                        \n                    <\/h3>\n                                                            <div class=\"elementskit-box-style-content\">\n                        Sp\u00e9cialiste des r\u00e9seaux de d\u00e9senfumage pour b\u00e2timents professionnels et\nprojets exigeants.                    <\/div>\n                                    <\/div>\n\n                                <div class=\"elementskit-box-footer\">\n                    <div class=\"box-footer\">\n                        <div class=\"btn-wraper\">\n                                                            <a href=\"https:\/\/ventitech.ch\/desenfumage\/\" class=\"elementskit-btn whitespace--normal\">\n                                    \n                                    \n                                    En savoir plus                                <\/a>\n                                                        <\/div>\n                    <\/div>\n                <\/div>\n                            <\/div>\n            <\/div>\n    <\/div>\t\t\t\t<\/div>\n\t\t\n<\/div>\n\t\t<\/div>\n\t\t<div class=\"elementor-element elementor-element-6c5c5b03 e-con-full e-grid elementor-invisible e-con e-child\" data-id=\"6c5c5b03\" data-element_type=\"container\" data-e-type=\"container\" data-settings=\"{&quot;animation&quot;:&quot;fadeInUp&quot;}\">\n\t\t<div class=\"elementor-element elementor-element-1e52f97e e-con e-atomic-element e-flexbox-base e-1e52f97e-63a268a \" data-id=\"1e52f97e\" data-element_type=\"e-flexbox\" data-e-type=\"e-flexbox\" data-interaction-id=\"1e52f97e\" data-e-type=\"e-flexbox\" data-id=\"1e52f97e\">\n    \t\t<div class=\"elementor-element elementor-element-178580b6 elementor-widget elementor-widget-elementskit-image-box\" data-id=\"178580b6\" data-element_type=\"widget\" data-e-type=\"widget\" data-widget_type=\"elementskit-image-box.default\">\n\t\t\t\t\t<div class=\"ekit-wid-con\" >\n            <div class=\"elementskit-info-image-box ekit-image-box text-center floating-style\" >\n\n                \n                <div class=\"elementskit-box-header image-box-img-center\">\n\n                    <img loading=\"lazy\" decoding=\"async\" width=\"506\" height=\"360\" src=\"https:\/\/ventitech.ch\/wp-content\/uploads\/2026\/05\/gaine-silicate-calcium-suisse-2.webp\" class=\"attachment-medium_large size-medium_large wp-image-550\" alt=\"\" srcset=\"https:\/\/ventitech.ch\/wp-content\/uploads\/2026\/05\/gaine-silicate-calcium-suisse-2.webp 506w, https:\/\/ventitech.ch\/wp-content\/uploads\/2026\/05\/gaine-silicate-calcium-suisse-2-300x213.webp 300w\" sizes=\"(max-width: 506px) 100vw, 506px\" \/>\n                <\/div>\n                \n                <div class=\"elementskit-box-body ekit-image-box-body\">\n                    <div class=\"elementskit-box-content ekit-image-box-body-inner\">\n                                                <h3 class=\"elementskit-info-box-title\">\n\n                        \n                            \n                        Gaines coupe-feu\n                        \n                    <\/h3>\n                                                            <div class=\"elementskit-box-style-content\">\n                        Fabrication et installation de gaines techniques r\u00e9sistantes au feu selon les normes de protection incendie.                    <\/div>\n                                    <\/div>\n\n                                <div class=\"elementskit-box-footer\">\n                    <div class=\"box-footer\">\n                        <div class=\"btn-wraper\">\n                                                            <a href=\"https:\/\/ventitech.ch\/gaines-coupe-feu\/\" class=\"elementskit-btn whitespace--normal\">\n                                    \n                                    \n                                    En savoir plus                                <\/a>\n                                                        <\/div>\n                    <\/div>\n                <\/div>\n                            <\/div>\n            <\/div>\n    <\/div>\t\t\t\t<\/div>\n\t\t\n<\/div>\n<div class=\"elementor-element elementor-element-5bca9dad e-con e-atomic-element e-flexbox-base e-5bca9dad-0529b4d \" data-id=\"5bca9dad\" data-element_type=\"e-flexbox\" data-e-type=\"e-flexbox\" data-interaction-id=\"5bca9dad\" data-e-type=\"e-flexbox\" data-id=\"5bca9dad\">\n    \t\t<div class=\"elementor-element elementor-element-4c9a93e9 elementor-widget elementor-widget-elementskit-image-box\" data-id=\"4c9a93e9\" data-element_type=\"widget\" data-e-type=\"widget\" data-widget_type=\"elementskit-image-box.default\">\n\t\t\t\t\t<div class=\"ekit-wid-con\" >\n            <div class=\"elementskit-info-image-box ekit-image-box text-center floating-style\" >\n\n                \n                <div class=\"elementskit-box-header image-box-img-center\">\n\n                    <img loading=\"lazy\" decoding=\"async\" width=\"1536\" height=\"1024\" src=\"https:\/\/ventitech.ch\/wp-content\/uploads\/2026\/05\/specialiste-ventilation-vaud-ventitech-1536x1024.webp\" class=\"attachment-1536x1536 size-1536x1536 wp-image-179\" alt=\"\" srcset=\"https:\/\/ventitech.ch\/wp-content\/uploads\/2026\/05\/specialiste-ventilation-vaud-ventitech-1536x1024.webp 1536w, https:\/\/ventitech.ch\/wp-content\/uploads\/2026\/05\/specialiste-ventilation-vaud-ventitech-300x200.webp 300w, https:\/\/ventitech.ch\/wp-content\/uploads\/2026\/05\/specialiste-ventilation-vaud-ventitech-1024x683.webp 1024w, https:\/\/ventitech.ch\/wp-content\/uploads\/2026\/05\/specialiste-ventilation-vaud-ventitech-768x512.webp 768w, https:\/\/ventitech.ch\/wp-content\/uploads\/2026\/05\/specialiste-ventilation-vaud-ventitech.webp 1599w\" sizes=\"(max-width: 1536px) 100vw, 1536px\" \/>\n                <\/div>\n                \n                <div class=\"elementskit-box-body ekit-image-box-body\">\n                    <div class=\"elementskit-box-content ekit-image-box-body-inner\">\n                                                <h3 class=\"elementskit-info-box-title\">\n\n                        \n                            \n                        Monoblocs\n                        \n                    <\/h3>\n                                                            <div class=\"elementskit-box-style-content\">\n                        Montage, d\u00e9montage et manutention de monoblocs de ventilation sur chantiers techniques.                    <\/div>\n                                    <\/div>\n\n                                <div class=\"elementskit-box-footer\">\n                    <div class=\"box-footer\">\n                        <div class=\"btn-wraper\">\n                                                            <a href=\"https:\/\/ventitech.ch\/monoblocs\/\" class=\"elementskit-btn whitespace--normal\">\n                                    \n                                    \n                                    En savoir plus                                <\/a>\n                                                        <\/div>\n                    <\/div>\n                <\/div>\n                            <\/div>\n            <\/div>\n    <\/div>\t\t\t\t<\/div>\n\t\t\n<\/div>\n<div class=\"elementor-element elementor-element-5fdcf0cb e-con e-atomic-element e-flexbox-base e-5fdcf0cb-560fa11 \" data-id=\"5fdcf0cb\" data-element_type=\"e-flexbox\" data-e-type=\"e-flexbox\" data-interaction-id=\"5fdcf0cb\" data-e-type=\"e-flexbox\" data-id=\"5fdcf0cb\">\n    \t\t<div class=\"elementor-element elementor-element-15a19aad elementor-widget elementor-widget-elementskit-image-box\" data-id=\"15a19aad\" data-element_type=\"widget\" data-e-type=\"widget\" data-widget_type=\"elementskit-image-box.default\">\n\t\t\t\t\t<div class=\"ekit-wid-con\" >\n            <div class=\"elementskit-info-image-box ekit-image-box text-center floating-style\" >\n\n                \n                <div class=\"elementskit-box-header image-box-img-center\">\n\n                    <img loading=\"lazy\" decoding=\"async\" width=\"1264\" height=\"842\" src=\"https:\/\/ventitech.ch\/wp-content\/uploads\/2026\/05\/personnel-qualifie-ventilation-ventitech.webp\" class=\"attachment-1536x1536 size-1536x1536 wp-image-567\" alt=\"\" srcset=\"https:\/\/ventitech.ch\/wp-content\/uploads\/2026\/05\/personnel-qualifie-ventilation-ventitech.webp 1264w, https:\/\/ventitech.ch\/wp-content\/uploads\/2026\/05\/personnel-qualifie-ventilation-ventitech-300x200.webp 300w, https:\/\/ventitech.ch\/wp-content\/uploads\/2026\/05\/personnel-qualifie-ventilation-ventitech-1024x682.webp 1024w, https:\/\/ventitech.ch\/wp-content\/uploads\/2026\/05\/personnel-qualifie-ventilation-ventitech-768x512.webp 768w\" sizes=\"(max-width: 1264px) 100vw, 1264px\" \/>\n                <\/div>\n                \n                <div class=\"elementskit-box-body ekit-image-box-body\">\n                    <div class=\"elementskit-box-content ekit-image-box-body-inner\">\n                                                <h3 class=\"elementskit-info-box-title\">\n\n                        \n                            \n                        Sous-traitance\n                        \n                    <\/h3>\n                                                            <div class=\"elementskit-box-style-content\">\n                        Planification, assistance technique et renfort d\u2019\u00e9quipes qualifi\u00e9es pour vos chantiers.                    <\/div>\n                                    <\/div>\n\n                                <div class=\"elementskit-box-footer\">\n                    <div class=\"box-footer\">\n                        <div class=\"btn-wraper\">\n                                                            <a href=\"https:\/\/ventitech.ch\/sous-traitance\/\" class=\"elementskit-btn whitespace--normal\">\n                                    \n                                    \n                                    En savoir plus                                <\/a>\n                                                        <\/div>\n                    <\/div>\n                <\/div>\n                            <\/div>\n            <\/div>\n    <\/div>\t\t\t\t<\/div>\n\t\t\n<\/div>\n\t\t<\/div>\n\t\t<div class=\"elementor-element elementor-element-4d3aaa72 e-con-full e-flex elementor-invisible e-con e-child\" data-id=\"4d3aaa72\" data-element_type=\"container\" data-e-type=\"container\" data-settings=\"{&quot;animation&quot;:&quot;fadeInUp&quot;,&quot;animation_delay&quot;:400}\">\n\t\t\t\t<div class=\"elementor-element elementor-element-30611c60 elementor-widget elementor-widget-button\" data-id=\"30611c60\" data-element_type=\"widget\" data-e-type=\"widget\" data-widget_type=\"button.default\">\n\t\t\t\t\t\t\t\t\t\t<a class=\"elementor-button elementor-button-link elementor-size-sm\" href=\"https:\/\/ventitech.ch\/contact\/\">\n\t\t\t\t\t\t<span class=\"elementor-button-content-wrapper\">\n\t\t\t\t\t\t<span class=\"elementor-button-icon\">\n\t\t\t\t<i aria-hidden=\"true\" class=\"jki jki-arrow-up-right-line\"><\/i>\t\t\t<\/span>\n\t\t\t\t\t\t\t\t\t<span class=\"elementor-button-text\">Contactez-nous<\/span>\n\t\t\t\t\t<\/span>\n\t\t\t\t\t<\/a>\n\t\t\t\t\t\t\t\t<\/div>\n\t\t\t\t<\/div>\n\t\t\t\t\t<\/div>\n\t\t\t\t<\/div>\n\t\t\t\t<\/div>\n\t\t\n    <div class=\"xs_social_share_widget xs_share_url after_content \t\tmain_content  wslu-style-1 wslu-share-box-shaped wslu-fill-colored wslu-none wslu-share-horizontal wslu-theme-font-no wslu-main_content\">\n\n\t\t\n        <ul>\n\t\t\t        <\/ul>\n    <\/div> \n","protected":false},"excerpt":{"rendered":"<p>Accueil Services Services Services Un large \u00e9ventail de prestations techniques VentiTech intervient sur un large \u00e9ventail de prestations techniques en ventilation, incluant r\u00e9seaux a\u00e9rauliques, PPS, d\u00e9senfumage, gaines coupe-feu, monoblocs et coordination de chantier, avec une approche professionnelle orient\u00e9e qualit\u00e9, r\u00e9activit\u00e9 et respect des exigences techniques. R\u00e9seaux a\u00e9rauliques R\u00e9alisation, modification, montage et d\u00e9montage de r\u00e9seaux de [&hellip;]<\/p>\n","protected":false},"author":3,"featured_media":0,"parent":0,"menu_order":0,"comment_status":"closed","ping_status":"closed","template":"","meta":{"postBodyCss":"","postBodyMargin":[],"postBodyPadding":[],"postBodyBackground":{"backgroundType":"classic","gradient":""},"footnotes":""},"class_list":["post-124","page","type-page","status-publish","hentry"],"_links":{"self":[{"href":"https:\/\/ventitech.ch\/index.php?rest_route=\/wp\/v2\/pages\/124","targetHints":{"allow":["GET"]}}],"collection":[{"href":"https:\/\/ventitech.ch\/index.php?rest_route=\/wp\/v2\/pages"}],"about":[{"href":"https:\/\/ventitech.ch\/index.php?rest_route=\/wp\/v2\/types\/page"}],"author":[{"embeddable":true,"href":"https:\/\/ventitech.ch\/index.php?rest_route=\/wp\/v2\/users\/3"}],"replies":[{"embeddable":true,"href":"https:\/\/ventitech.ch\/index.php?rest_route=%2Fwp%2Fv2%2Fcomments&post=124"}],"version-history":[{"count":0,"href":"https:\/\/ventitech.ch\/index.php?rest_route=\/wp\/v2\/pages\/124\/revisions"}],"wp:attachment":[{"href":"https:\/\/ventitech.ch\/index.php?rest_route=%2Fwp%2Fv2%2Fmedia&parent=124"}],"curies":[{"name":"wp","href":"https:\/\/api.w.org\/{rel}","templated":true}]}}